{"id":47,"date":"2021-09-08T14:10:49","date_gmt":"2021-09-08T14:10:49","guid":{"rendered":"https:\/\/klitzeklein-dresden.de\/wordpress\/?page_id=47"},"modified":"2025-01-16T15:06:36","modified_gmt":"2025-01-16T15:06:36","slug":"elterninfo","status":"publish","type":"page","link":"https:\/\/klitzeklein-dresden.de\/index.php\/elterninfo\/","title":{"rendered":"Elterninfo"},"content":{"rendered":"\n[et_pb_section fb_built=&#8220;1&#8243; fullwidth=&#8220;on&#8220; admin_label=&#8220;Hero&#8220; _builder_version=&#8220;4.10.6&#8243; background_image=&#8220;https:\/\/klitzeklein-dresden.de\/wp-content\/uploads\/2021\/08\/hdgdgh.jpg&#8220; parallax=&#8220;on&#8220; top_divider_style=&#8220;clouds2&#8243; top_divider_color=&#8220;rgba(255,255,255,0.3)&#8220; top_divider_height=&#8220;100%&#8220; bottom_divider_height=&#8220;30px&#8220; global_colors_info=&#8220;{}&#8220;][et_pb_fullwidth_header title=&#8220;Kindertagespflege Klitzeklein&#8220; subhead=&#8220;Elternbereich&#8220; text_orientation=&#8220;center&#8220; _builder_version=&#8220;4.10.8&#8243; title_level=&#8220;h2&#8243; title_font=&#8220;Rubik|700||on|||||&#8220; title_text_align=&#8220;center&#8220; title_text_color=&#8220;#ff7355&#8243; title_font_size=&#8220;16px&#8220; title_letter_spacing=&#8220;5px&#8220; title_line_height=&#8220;2em&#8220; content_font=&#8220;Rubik||||||||&#8220; content_text_align=&#8220;center&#8220; content_font_size=&#8220;18px&#8220; content_line_height=&#8220;2em&#8220; subhead_font=&#8220;Rubik|700|||||||&#8220; subhead_text_align=&#8220;center&#8220; subhead_text_color=&#8220;rgba(0,0,0,0.8)&#8220; subhead_font_size=&#8220;50px&#8220; subhead_line_height=&#8220;1.4em&#8220; background_color=&#8220;rgba(255,255,255,0)&#8220; use_background_color_gradient=&#8220;on&#8220; background_color_gradient_start=&#8220;rgba(255,255,255,0.7)&#8220; background_color_gradient_end=&#8220;#ffffff&#8220; background_size=&#8220;contain&#8220; background_position=&#8220;bottom_center&#8220; custom_button_one=&#8220;on&#8220; button_one_text_size=&#8220;16px&#8220; button_one_text_color=&#8220;#ffffff&#8220; button_one_bg_color=&#8220;#ff7355&#8243; button_one_border_width=&#8220;15px&#8220; button_one_border_color=&#8220;rgba(210,159,104,0)&#8220; button_one_border_radius=&#8220;100px&#8220; button_one_letter_spacing=&#8220;0px&#8220; button_one_font=&#8220;Rubik|700|||||||&#8220; button_one_use_icon=&#8220;off&#8220; custom_button_two=&#8220;on&#8220; button_two_text_size=&#8220;16px&#8220; button_two_text_color=&#8220;#ffffff&#8220; button_two_bg_color=&#8220;rgba(0,0,0,0.6)&#8220; button_two_border_width=&#8220;15px&#8220; button_two_border_color=&#8220;rgba(210,159,104,0)&#8220; button_two_border_radius=&#8220;100px&#8220; button_two_letter_spacing=&#8220;0px&#8220; button_two_font=&#8220;Rubik|700|||||||&#8220; button_two_use_icon=&#8220;off&#8220; background_layout=&#8220;light&#8220; custom_margin=&#8220;|||&#8220; custom_padding=&#8220;8vw||4vw|&#8220; animation_style=&#8220;slide&#8220; animation_direction=&#8220;bottom&#8220; animation_intensity_slide=&#8220;1%&#8220; subhead_font_size_tablet=&#8220;&#8220; subhead_font_size_phone=&#8220;30px&#8220; subhead_font_size_last_edited=&#8220;on|phone&#8220; button_one_border_radius_hover=&#8220;100px&#8220; button_two_border_radius_hover=&#8220;100px&#8220; button_one_bg_color_hover=&#8220;#ff8a70&#8243; button_two_bg_color_hover=&#8220;#ff8a70&#8243; global_colors_info=&#8220;{}&#8220; button_one_text_size__hover_enabled=&#8220;off&#8220; button_two_text_size__hover_enabled=&#8220;off&#8220; button_one_text_color__hover_enabled=&#8220;off&#8220; button_two_text_color__hover_enabled=&#8220;off&#8220; button_one_border_width__hover_enabled=&#8220;off&#8220; button_two_border_width__hover_enabled=&#8220;off&#8220; button_one_border_color__hover_enabled=&#8220;off&#8220; button_two_border_color__hover_enabled=&#8220;off&#8220; button_one_border_radius__hover_enabled=&#8220;on&#8220; button_one_border_radius__hover=&#8220;100px&#8220; button_two_border_radius__hover_enabled=&#8220;on&#8220; button_two_border_radius__hover=&#8220;100px&#8220; button_one_letter_spacing__hover_enabled=&#8220;off&#8220; button_two_letter_spacing__hover_enabled=&#8220;off&#8220; button_one_bg_color__hover_enabled=&#8220;on&#8220; button_one_bg_color__hover=&#8220;#ff8a70&#8243; button_two_bg_color__hover_enabled=&#8220;on&#8220; button_two_bg_color__hover=&#8220;#ff8a70&#8243;]<p>&nbsp;<\/p>\n<p style=\"text-align: center;\"><strong>Auf dieser Seite finden Sie alle wichtigen Informationen zu Ihren organisatorischen und inhaltlichen Fragen.<\/strong><\/p>\n<p style=\"text-align: center;\"><strong><\/strong><\/p>\n<p style=\"text-align: center;\"><strong><\/strong><\/p>\n<p style=\"text-align: center;\"><strong><\/strong><\/p>\n<p style=\"text-align: center;\"><strong><\/strong><\/p>\n<p style=\"text-align: center;\"><strong><\/strong><\/p>\n<p style=\"text-align: center;\">Bildungsbereiche<\/p>\n<p>Eingew\u00f6hnung \/ Ersatzbetreuung<\/p>\n<p>Betreuungskosten \/ Anmeldung<\/p>[\/et_pb_fullwidth_header][\/et_pb_section][et_pb_section fb_built=&#8220;1&#8243; custom_padding_last_edited=&#8220;on|tablet&#8220; admin_label=&#8220;3 Buttons&#8220; _builder_version=&#8220;3.22&#8243; background_color=&#8220;#e9eff3&#8243; custom_padding=&#8220;0|50%|0||false|false&#8220; custom_padding_tablet=&#8220;|10%||10%&#8220; custom_padding_phone=&#8220;&#8220; locked=&#8220;off&#8220; global_colors_info=&#8220;{}&#8220;][et_pb_row column_structure=&#8220;1_3,1_3,1_3&#8243; use_custom_gutter=&#8220;on&#8220; gutter_width=&#8220;1&#8243; custom_padding_last_edited=&#8220;off|desktop&#8220; _builder_version=&#8220;4.10.6&#8243; width=&#8220;100%&#8220; max_width=&#8220;100%&#8220; custom_margin=&#8220;|||&#8220; custom_padding=&#8220;0px||0px||true|false&#8220; custom_padding_tablet=&#8220;20px|||&#8220; animation_style=&#8220;slide&#8220; animation_direction=&#8220;bottom&#8220; animation_delay=&#8220;200ms&#8220; border_radii=&#8220;||80px||&#8220; use_custom_width=&#8220;on&#8220; width_unit=&#8220;off&#8220; custom_width_percent=&#8220;100%&#8220; global_colors_info=&#8220;{}&#8220;][et_pb_column type=&#8220;1_3&#8243; _builder_version=&#8220;4.10.6&#8243; custom_padding=&#8220;|||&#8220; global_colors_info=&#8220;{}&#8220; custom_padding__hover=&#8220;|||&#8220;][et_pb_blurb title=&#8220;Bildungsbereiche&#8220; url=&#8220;#anker1&#8243; _builder_version=&#8220;4.10.6&#8243; header_font=&#8220;Rubik||||||||&#8220; background_color=&#8220;#ffbd54&#8243; text_orientation=&#8220;center&#8220; background_layout=&#8220;dark&#8220; custom_margin=&#8220;|||&#8220; custom_padding=&#8220;40px|20px|30px|20px|false|true&#8220; custom_padding_tablet=&#8220;20px||10px|&#8220; custom_padding_phone=&#8220;&#8220; custom_padding_last_edited=&#8220;on|desktop&#8220; global_colors_info=&#8220;{}&#8220;][\/et_pb_blurb][\/et_pb_column][et_pb_column type=&#8220;1_3&#8243; _builder_version=&#8220;3.25&#8243; custom_padding=&#8220;|||&#8220; global_colors_info=&#8220;{}&#8220; custom_padding__hover=&#8220;|||&#8220;][et_pb_blurb title=&#8220;Betreuungskosten&#8220; url=&#8220;#anker2&#8243; _builder_version=&#8220;4.10.6&#8243; header_font=&#8220;Rubik||||||||&#8220; background_color=&#8220;#ffae2d&#8220; text_orientation=&#8220;center&#8220; background_layout=&#8220;dark&#8220; custom_margin=&#8220;|||&#8220; custom_padding=&#8220;40px|20px|30px|20px|false|true&#8220; custom_padding_tablet=&#8220;20px||10px|&#8220; custom_padding_phone=&#8220;&#8220; custom_padding_last_edited=&#8220;on|desktop&#8220; locked=&#8220;off&#8220; global_colors_info=&#8220;{}&#8220;][\/et_pb_blurb][\/et_pb_column][et_pb_column type=&#8220;1_3&#8243; _builder_version=&#8220;3.25&#8243; custom_padding=&#8220;|||&#8220; global_colors_info=&#8220;{}&#8220; custom_padding__hover=&#8220;|||&#8220;][et_pb_blurb title=&#8220;Anmeldung&#8220; url=&#8220;#anker3&#8243; _builder_version=&#8220;4.10.6&#8243; header_font=&#8220;Rubik||||||||&#8220; background_color=&#8220;#ff9c02&#8243; text_orientation=&#8220;center&#8220; background_layout=&#8220;dark&#8220; custom_margin=&#8220;|||&#8220; custom_padding=&#8220;40px|20px|30px|20px|false|true&#8220; custom_padding_tablet=&#8220;20px||10px|&#8220; custom_padding_phone=&#8220;&#8220; custom_padding_last_edited=&#8220;on|desktop&#8220; border_radii=&#8220;||||&#8220; locked=&#8220;off&#8220; global_colors_info=&#8220;{}&#8220;][\/et_pb_blurb][\/et_pb_column][\/et_pb_row][\/et_pb_section][et_pb_section fb_built=&#8220;1&#8243; admin_label=&#8220;Feature&#8220; _builder_version=&#8220;4.10.6&#8243; background_color=&#8220;#FFFFFF&#8220; background_enable_image=&#8220;off&#8220; parallax=&#8220;on&#8220; height=&#8220;720px&#8220; custom_padding=&#8220;0|0px|0|0px|false|false&#8220; global_colors_info=&#8220;{}&#8220;][et_pb_row column_structure=&#8220;1_2,1_2&#8243; use_custom_gutter=&#8220;on&#8220; gutter_width=&#8220;1&#8243; make_equal=&#8220;on&#8220; padding_top_bottom_link_1=&#8220;true&#8220; padding_top_bottom_link_2=&#8220;true&#8220; module_class=&#8220; et_pb_row_fullwidth&#8220; _builder_version=&#8220;4.10.8&#8243; background_color=&#8220;RGBA(0,0,0,0)&#8220; background_enable_image=&#8220;off&#8220; width=&#8220;100%&#8220; width_tablet=&#8220;100%&#8220; width_phone=&#8220;&#8220; width_last_edited=&#8220;on|desktop&#8220; max_width=&#8220;100%&#8220; max_width_tablet=&#8220;100%&#8220; max_width_phone=&#8220;&#8220; max_width_last_edited=&#8220;on|desktop&#8220; custom_padding=&#8220;0px||0px|&#8220; make_fullwidth=&#8220;on&#8220; global_colors_info=&#8220;{}&#8220;][et_pb_column type=&#8220;1_2&#8243; _builder_version=&#8220;4.10.7&#8243; background_color=&#8220;#0C71C3&#8243; use_background_color_gradient=&#8220;on&#8220; background_color_gradient_start=&#8220;#e08a43&#8243; background_color_gradient_end=&#8220;rgba(0,0,0,0)&#8220; background_color_gradient_direction=&#8220;29deg&#8220; background_color_gradient_start_position=&#8220;36%&#8220; background_color_gradient_overlays_image=&#8220;on&#8220; background_image=&#8220;https:\/\/klitzeklein-dresden.de\/wp-content\/uploads\/2021\/09\/2.jpg&#8220; custom_padding=&#8220;120px|80px|120px|10%&#8220; custom_padding_tablet=&#8220;|10%||10%||true&#8220; custom_padding_phone=&#8220;&#8220; custom_padding_last_edited=&#8220;on|tablet&#8220; global_colors_info=&#8220;{}&#8220; custom_padding__hover=&#8220;|||&#8220;][et_pb_cta title=&#8220;Gemeinsam wachsen&#8220; button_url=&#8220;#top&#8220; _builder_version=&#8220;4.10.7&#8243; header_font=&#8220;Cabin Sketch|700||on|||||&#8220; header_font_size=&#8220;46px&#8220; header_letter_spacing=&#8220;6px&#8220; header_line_height=&#8220;1.5em&#8220; body_font=&#8220;Rubik|500|||||||&#8220; body_font_size=&#8220;16px&#8220; body_line_height=&#8220;2em&#8220; use_background_color=&#8220;off&#8220; custom_button=&#8220;on&#8220; button_text_size=&#8220;16px&#8220; button_text_color=&#8220;#ffffff&#8220; button_bg_color=&#8220;rgba(255,255,255,0.1)&#8220; button_border_width=&#8220;10px&#8220; button_border_color=&#8220;rgba(65,65,144,0)&#8220; button_border_radius=&#8220;70px&#8220; button_font=&#8220;Rubik|700|||||||&#8220; button_use_icon=&#8220;off&#8220; text_orientation=&#8220;left&#8220; max_width=&#8220;600px&#8220; max_width_last_edited=&#8220;off|desktop&#8220; module_alignment=&#8220;left&#8220; custom_margin=&#8220;|||&#8220; custom_padding=&#8220;|||&#8220; header_font_size_tablet=&#8220;&#8220; header_font_size_phone=&#8220;30px&#8220; header_font_size_last_edited=&#8220;on|phone&#8220; button_text_color_hover=&#8220;#e00b00&#8243; button_border_radius_hover=&#8220;70px&#8220; button_bg_color_hover=&#8220;#ffffff&#8220; locked=&#8220;off&#8220; global_colors_info=&#8220;{}&#8220; button_text_size__hover_enabled=&#8220;off&#8220; button_one_text_size__hover_enabled=&#8220;off&#8220; button_two_text_size__hover_enabled=&#8220;off&#8220; button_text_color__hover_enabled=&#8220;on&#8220; button_text_color__hover=&#8220;#e00b00&#8243; button_one_text_color__hover_enabled=&#8220;off&#8220; button_two_text_color__hover_enabled=&#8220;off&#8220; button_border_width__hover_enabled=&#8220;off&#8220; button_one_border_width__hover_enabled=&#8220;off&#8220; button_two_border_width__hover_enabled=&#8220;off&#8220; button_border_color__hover_enabled=&#8220;off&#8220; button_one_border_color__hover_enabled=&#8220;off&#8220; button_two_border_color__hover_enabled=&#8220;off&#8220; button_border_radius__hover_enabled=&#8220;on&#8220; button_border_radius__hover=&#8220;70px&#8220; button_one_border_radius__hover_enabled=&#8220;off&#8220; button_two_border_radius__hover_enabled=&#8220;off&#8220; button_letter_spacing__hover_enabled=&#8220;off&#8220; button_one_letter_spacing__hover_enabled=&#8220;off&#8220; button_two_letter_spacing__hover_enabled=&#8220;off&#8220; button_bg_color__hover_enabled=&#8220;on&#8220; button_bg_color__hover=&#8220;#ffffff&#8220; button_one_bg_color__hover_enabled=&#8220;off&#8220; button_two_bg_color__hover_enabled=&#8220;off&#8220;]<p>Ich w\u00fcnsche mir einen unkomplizierten und vertrauensvollen Umgang miteinander als Basis f\u00fcr den regelm\u00e4\u00dfigen Austausch \u00fcber die Entwicklung der Kinder.\u00a0<\/p>\n<p>Aufgrund der kleinen Gruppe, ist dies t\u00e4glich m\u00f6glich.<\/p>\n<p>Sollte der Wunsch nach einem Einzelgespr\u00e4ch Ihrerseits oder meinerseits bestehen, ist es nach vorheriger Terminabsprache jederzeit machbar.<\/p>\n<p>Ein zus\u00e4tzlicher zeitlicher Aufwand f\u00fcr Elternabende entf\u00e4llt.<\/p>\n<p>&nbsp;<\/p>\n<p>&nbsp;<\/p>[\/et_pb_cta][\/et_pb_column][et_pb_column type=&#8220;1_2&#8243; _builder_version=&#8220;4.10.8&#8243; background_color=&#8220;RGBA(0,0,0,0)&#8220; use_background_color_gradient=&#8220;on&#8220; background_color_gradient_start=&#8220;rgba(0,0,0,0)&#8220; background_color_gradient_end=&#8220;#e02b20&#8243; background_color_gradient_direction=&#8220;1deg&#8220; background_color_gradient_end_position=&#8220;48%&#8220; background_color_gradient_overlays_image=&#8220;on&#8220; background_image=&#8220;https:\/\/klitzeklein-dresden.de\/wp-content\/uploads\/2021\/09\/3.jpg&#8220; custom_padding=&#8220;120px|80px|120px|10%&#8220; custom_padding_tablet=&#8220;|10%||10%||true&#8220; custom_padding_phone=&#8220;&#8220; custom_padding_last_edited=&#8220;on|tablet&#8220; global_colors_info=&#8220;{}&#8220; custom_padding__hover=&#8220;|||&#8220;][et_pb_cta title=&#8220;Hand in Hand arbeiten&#8220; button_url=&#8220;#top&#8220; _builder_version=&#8220;4.10.7&#8243; header_font=&#8220;Cabin Sketch|700||on|||||&#8220; header_text_color=&#8220;#FFFFFF&#8220; header_font_size=&#8220;40px&#8220; header_letter_spacing=&#8220;6px&#8220; header_line_height=&#8220;1.5em&#8220; body_font=&#8220;Rubik|500|||||||&#8220; body_text_color=&#8220;#FFFFFF&#8220; body_font_size=&#8220;16px&#8220; body_line_height=&#8220;2em&#8220; use_background_color=&#8220;off&#8220; custom_button=&#8220;on&#8220; button_text_size=&#8220;16px&#8220; button_text_color=&#8220;#ffffff&#8220; button_bg_color=&#8220;rgba(0,0,0,0.6)&#8220; button_border_width=&#8220;10px&#8220; button_border_color=&#8220;rgba(65,65,144,0)&#8220; button_border_radius=&#8220;70px&#8220; button_font=&#8220;Rubik|700|||||||&#8220; button_use_icon=&#8220;off&#8220; text_orientation=&#8220;left&#8220; background_layout=&#8220;light&#8220; max_width=&#8220;600px&#8220; max_width_last_edited=&#8220;off|desktop&#8220; custom_margin=&#8220;|||&#8220; custom_padding=&#8220;|||&#8220; header_font_size_tablet=&#8220;&#8220; header_font_size_phone=&#8220;30px&#8220; header_font_size_last_edited=&#8220;on|phone&#8220; button_text_color_hover=&#8220;#c7ccd4&#8243; button_border_radius_hover=&#8220;70px&#8220; button_bg_color_hover=&#8220;#ffffff&#8220; locked=&#8220;off&#8220; global_colors_info=&#8220;{}&#8220; button_text_size__hover_enabled=&#8220;off&#8220; button_one_text_size__hover_enabled=&#8220;off&#8220; button_two_text_size__hover_enabled=&#8220;off&#8220; button_text_color__hover_enabled=&#8220;on&#8220; button_text_color__hover=&#8220;#c7ccd4&#8243; button_one_text_color__hover_enabled=&#8220;off&#8220; button_two_text_color__hover_enabled=&#8220;off&#8220; button_border_width__hover_enabled=&#8220;off&#8220; button_one_border_width__hover_enabled=&#8220;off&#8220; button_two_border_width__hover_enabled=&#8220;off&#8220; button_border_color__hover_enabled=&#8220;off&#8220; button_one_border_color__hover_enabled=&#8220;off&#8220; button_two_border_color__hover_enabled=&#8220;off&#8220; button_border_radius__hover_enabled=&#8220;on&#8220; button_border_radius__hover=&#8220;70px&#8220; button_one_border_radius__hover_enabled=&#8220;off&#8220; button_two_border_radius__hover_enabled=&#8220;off&#8220; button_letter_spacing__hover_enabled=&#8220;off&#8220; button_one_letter_spacing__hover_enabled=&#8220;off&#8220; button_two_letter_spacing__hover_enabled=&#8220;off&#8220; button_bg_color__hover_enabled=&#8220;on&#8220; button_bg_color__hover=&#8220;#ffffff&#8220; button_one_bg_color__hover_enabled=&#8220;off&#8220; button_two_bg_color__hover_enabled=&#8220;off&#8220;]<p>Eine erfolgreiche Zusammenarbeit ist das Fundament f\u00fcr zufriedene Eltern, gl\u00fcckliche Kinder und eine gelungene Zeit au\u00dferhalb der eigenen Familie.<\/p>\n<p>Als Inspiration und Orientierung dienen die 5 Zwillingspaare eines guten Arbeitsklimas von Dorothee Jacobs:<\/p>\n<blockquote>\n<p>Wertsch\u00e4tzung und Ermutigung,<\/p>\n<p>Gemeinsinn und Eigensinn,<\/p>\n<p>Regeln und Freiheiten,<\/p>\n<p>Fehlersolidarit\u00e4t und Fehlerr\u00fcckmeldung,<\/p>\n<p>Zielverfolgung und Zeit-haben-d\u00fcrfen.<\/p>\n<\/blockquote>\n<p>Ich freue mich darauf, Sie kennenzulernen und Ihr Kind bei mir begr\u00fc\u00dfen zu d\u00fcrfen!<\/p>[\/et_pb_cta][\/et_pb_column][\/et_pb_row][\/et_pb_section][et_pb_section fb_built=&#8220;1&#8243; admin_label=&#8220;Programs&#8220; module_id=&#8220;anker1&#8243; _builder_version=&#8220;4.10.8&#8243; use_background_color_gradient=&#8220;on&#8220; background_color_gradient_start=&#8220;rgba(224,170,168,0.54)&#8220; background_color_gradient_end=&#8220;#ffffff&#8220; background_enable_image=&#8220;off&#8220; background_size=&#8220;initial&#8220; custom_padding=&#8220;54px|0px|1px|0px|false|false&#8220; global_colors_info=&#8220;{}&#8220;][et_pb_row _builder_version=&#8220;4.10.8&#8243; global_colors_info=&#8220;{}&#8220;][et_pb_column type=&#8220;4_4&#8243; _builder_version=&#8220;3.25&#8243; custom_padding=&#8220;|||&#8220; global_colors_info=&#8220;{}&#8220; custom_padding__hover=&#8220;|||&#8220;][et_pb_blurb title=&#8220;Der S\u00e4chsische Bildungsplan&#8220; use_icon=&#8220;on&#8220; font_icon=&#8220;%%67%%&#8220; icon_color=&#8220;#ff7355&#8243; use_icon_font_size=&#8220;on&#8220; icon_font_size=&#8220;32px&#8220; _builder_version=&#8220;4.10.6&#8243; header_font=&#8220;Cabin Sketch|700||on|||||&#8220; header_text_color=&#8220;#2b76df&#8220; header_font_size=&#8220;20px&#8220; header_letter_spacing=&#8220;5px&#8220; header_line_height=&#8220;1.4em&#8220; text_orientation=&#8220;center&#8220; custom_margin=&#8220;||0px|&#8220; locked=&#8220;off&#8220; global_colors_info=&#8220;{}&#8220;][\/et_pb_blurb][et_pb_text _builder_version=&#8220;4.10.6&#8243; text_font=&#8220;Rubik|500|||||||&#8220; text_font_size=&#8220;16px&#8220; text_line_height=&#8220;2em&#8220; header_font=&#8220;||||||||&#8220; header_2_font=&#8220;Rubik|700|||||||&#8220; header_2_font_size=&#8220;40px&#8220; header_2_line_height=&#8220;1.4em&#8220; header_5_font=&#8220;Rubik|700||on|||||&#8220; header_5_text_color=&#8220;#2b76df&#8220; header_5_letter_spacing=&#8220;5px&#8220; header_5_line_height=&#8220;1.5em&#8220; text_orientation=&#8220;center&#8220; max_width=&#8220;700px&#8220; module_alignment=&#8220;center&#8220; custom_margin=&#8220;|||&#8220; custom_margin_tablet=&#8220;0px|||&#8220; custom_margin_last_edited=&#8220;off|desktop&#8220; text_line_height_last_edited=&#8220;off|desktop&#8220; header_2_font_size_tablet=&#8220;&#8220; header_2_font_size_phone=&#8220;30px&#8220; header_2_font_size_last_edited=&#8220;on|phone&#8220; global_colors_info=&#8220;{}&#8220;]<h2>Was lernt mein Kind in der Betreuungszeit?<\/h2>\n<p>Der s\u00e4chsische Bildungsplan ist Bestandteil meiner Arbeit und wird spielerisch in unseren Alltag einbezogen. Im Anschluss finden Sie eine kurze Erl\u00e4uterung der einzelnen Bildungsbereiche.<\/p>[\/et_pb_text][\/et_pb_column][\/et_pb_row][et_pb_row column_structure=&#8220;1_2,1_2&#8243; _builder_version=&#8220;4.10.7&#8243; custom_margin=&#8220;|||&#8220; custom_padding=&#8220;|||&#8220; border_color_all=&#8220;#EDF000&#8243; global_colors_info=&#8220;{}&#8220;][et_pb_column type=&#8220;1_2&#8243; _builder_version=&#8220;3.25&#8243; custom_padding=&#8220;|||&#8220; global_colors_info=&#8220;{}&#8220; custom_padding__hover=&#8220;|||&#8220;][et_pb_blurb title=&#8220;Somatische Bildung&#8220; use_icon=&#8220;on&#8220; font_icon=&#8220;%%257%%&#8220; icon_color=&#8220;#f4c500&#8243; icon_placement=&#8220;left&#8220; use_icon_font_size=&#8220;on&#8220; icon_font_size=&#8220;32px&#8220; _builder_version=&#8220;4.10.8&#8243; header_font=&#8220;Rubik|500|||||||&#8220; header_font_size=&#8220;20px&#8220; header_line_height=&#8220;1.7em&#8220; body_font=&#8220;Rubik||||||||&#8220; body_line_height=&#8220;2em&#8220; background_color=&#8220;RGBA(0,0,0,0)&#8220; custom_margin=&#8220;|||&#8220; custom_padding=&#8220;30px|30px|30px|30px|true|true&#8220; animation_style=&#8220;zoom&#8220; animation_intensity_zoom=&#8220;10%&#8220; border_radii=&#8220;on|5px|5px|5px|5px&#8220; border_width_top=&#8220;10px&#8220; border_color_top=&#8220;#f4c500&#8243; box_shadow_style=&#8220;preset1&#8243; box_shadow_vertical=&#8220;20px&#8220; box_shadow_blur=&#8220;45px&#8220; box_shadow_spread=&#8220;-5px&#8220; box_shadow_color=&#8220;rgba(0,0,0,0.07)&#8220; global_colors_info=&#8220;{}&#8220;]<ul>\n<li>Das Wohlbefinden der Kinder steht im Vordergrund<\/li>\n<li>K\u00f6rperbewegung unterst\u00fctzt die Selbstentwicklung<\/li>\n<li>Kognitive, emotionale und soziale F\u00e4higkeiten werden ausgbildet<\/li>\n<\/ul>\n<p>&nbsp;<\/p>[\/et_pb_blurb][\/et_pb_column][et_pb_column type=&#8220;1_2&#8243; _builder_version=&#8220;3.25&#8243; custom_padding=&#8220;|||&#8220; global_colors_info=&#8220;{}&#8220; custom_padding__hover=&#8220;|||&#8220;][et_pb_blurb title=&#8220;Soziale Bildung&#8220; use_icon=&#8220;on&#8220; font_icon=&#8220;%%259%%&#8220; icon_color=&#8220;#f4c500&#8243; icon_placement=&#8220;left&#8220; use_icon_font_size=&#8220;on&#8220; icon_font_size=&#8220;32px&#8220; _builder_version=&#8220;4.10.7&#8243; header_font=&#8220;Rubik|500|||||||&#8220; header_font_size=&#8220;20px&#8220; header_line_height=&#8220;1.7em&#8220; body_font=&#8220;Rubik||||||||&#8220; body_line_height=&#8220;2em&#8220; custom_margin=&#8220;|||&#8220; custom_padding=&#8220;30px|30px|30px|30px|true|true&#8220; animation_style=&#8220;zoom&#8220; animation_intensity_zoom=&#8220;10%&#8220; border_radii=&#8220;on|5px|5px|5px|5px&#8220; border_color_all=&#8220;#f4c500&#8243; border_width_top=&#8220;10px&#8220; box_shadow_style=&#8220;preset1&#8243; box_shadow_vertical=&#8220;20px&#8220; box_shadow_blur=&#8220;45px&#8220; box_shadow_spread=&#8220;-5px&#8220; box_shadow_color=&#8220;rgba(0,0,0,0.07)&#8220; global_colors_info=&#8220;{}&#8220;]<ul>\n<li>Die wichtigsten Bezugspersonen sind Eltern und weitere Familienangeh\u00f6rige<\/li>\n<li>Enstehung zus\u00e4tzlicher sozialer Beziehungen in Kitas: Kind &#8211; Kind und Kind &#8211; Betreuer*in<\/li>\n<li>Erlernen der Regeln und Grenzen<\/li>\n<\/ul>[\/et_pb_blurb][\/et_pb_column][\/et_pb_row][et_pb_row column_structure=&#8220;1_2,1_2&#8243; _builder_version=&#8220;3.25&#8243; custom_margin=&#8220;|||&#8220; custom_padding=&#8220;|||&#8220; global_colors_info=&#8220;{}&#8220;][et_pb_column type=&#8220;1_2&#8243; _builder_version=&#8220;3.25&#8243; custom_padding=&#8220;|||&#8220; global_colors_info=&#8220;{}&#8220; custom_padding__hover=&#8220;|||&#8220;][et_pb_blurb title=&#8220;Kommunikative Bildung&#8220; use_icon=&#8220;on&#8220; font_icon=&#8220;%%221%%&#8220; icon_color=&#8220;#f4c500&#8243; icon_placement=&#8220;left&#8220; use_icon_font_size=&#8220;on&#8220; icon_font_size=&#8220;32px&#8220; _builder_version=&#8220;4.10.7&#8243; header_font=&#8220;Rubik|500|||||||&#8220; header_font_size=&#8220;20px&#8220; header_line_height=&#8220;1.7em&#8220; body_font=&#8220;Rubik||||||||&#8220; body_line_height=&#8220;2em&#8220; custom_margin=&#8220;|||&#8220; custom_padding=&#8220;30px|30px|30px|30px|true|true&#8220; animation_style=&#8220;zoom&#8220; animation_intensity_zoom=&#8220;10%&#8220; border_radii=&#8220;on|5px|5px|5px|5px&#8220; border_width_top=&#8220;10px&#8220; border_color_top=&#8220;#f4c500&#8243; box_shadow_style=&#8220;preset1&#8243; box_shadow_vertical=&#8220;20px&#8220; box_shadow_blur=&#8220;45px&#8220; box_shadow_spread=&#8220;-5px&#8220; box_shadow_color=&#8220;rgba(0,0,0,0.07)&#8220; global_colors_info=&#8220;{}&#8220;]<ul>\n<li>Ausdruck der Gef\u00fchle \u00fcber Mimik, Gestik und Laute<\/li>\n<li>Erlernen der Sprache und Verstehen der Sprache<\/li>\n<li>Verantwortungsbewusster Umgang mit verschieden Kommunikationsmitteln- und techniken<\/li>\n<\/ul>[\/et_pb_blurb][\/et_pb_column][et_pb_column type=&#8220;1_2&#8243; _builder_version=&#8220;3.25&#8243; custom_padding=&#8220;|||&#8220; global_colors_info=&#8220;{}&#8220; custom_padding__hover=&#8220;|||&#8220;][et_pb_blurb title=&#8220;\u00c4sthetische Bildung&#8220; use_icon=&#8220;on&#8220; font_icon=&#8220;%%262%%&#8220; icon_color=&#8220;#f4c500&#8243; icon_placement=&#8220;left&#8220; use_icon_font_size=&#8220;on&#8220; icon_font_size=&#8220;30px&#8220; _builder_version=&#8220;4.10.7&#8243; header_font=&#8220;Rubik|500|||||||&#8220; header_font_size=&#8220;20px&#8220; header_line_height=&#8220;1.7em&#8220; body_font=&#8220;Rubik||||||||&#8220; body_line_height=&#8220;2em&#8220; custom_margin=&#8220;|||&#8220; custom_padding=&#8220;30px|30px|30px|30px|true|true&#8220; animation_style=&#8220;zoom&#8220; animation_intensity_zoom=&#8220;10%&#8220; border_radii=&#8220;on|5px|5px|5px|5px&#8220; border_width_top=&#8220;10px&#8220; border_color_top=&#8220;#f4c500&#8243; box_shadow_style=&#8220;preset1&#8243; box_shadow_vertical=&#8220;20px&#8220; box_shadow_blur=&#8220;45px&#8220; box_shadow_spread=&#8220;-5px&#8220; box_shadow_color=&#8220;rgba(0,0,0,0.07)&#8220; global_colors_info=&#8220;{}&#8220;]<ul>\n<li>Umwelt mit Sinneseindr\u00fccken entdecken: f\u00fchlen, sehen, h\u00f6ren, riechen und schmecken<\/li>\n<li>Musik, Tanz und Gestaltung<\/li>\n<\/ul>\n<p>&nbsp;<\/p>[\/et_pb_blurb][\/et_pb_column][\/et_pb_row][et_pb_row column_structure=&#8220;1_2,1_2&#8243; _builder_version=&#8220;3.25&#8243; custom_margin=&#8220;|||&#8220; custom_padding=&#8220;|||&#8220; global_colors_info=&#8220;{}&#8220;][et_pb_column type=&#8220;1_2&#8243; _builder_version=&#8220;3.25&#8243; custom_padding=&#8220;|||&#8220; global_colors_info=&#8220;{}&#8220; custom_padding__hover=&#8220;|||&#8220;][et_pb_blurb title=&#8220;Naturwissenschaftliche Bildung&#8220; use_icon=&#8220;on&#8220; font_icon=&#8220;%%234%%&#8220; icon_color=&#8220;#f4c500&#8243; icon_placement=&#8220;left&#8220; use_icon_font_size=&#8220;on&#8220; icon_font_size=&#8220;32px&#8220; _builder_version=&#8220;4.10.7&#8243; header_font=&#8220;Rubik|500|||||||&#8220; header_font_size=&#8220;20px&#8220; header_line_height=&#8220;1.7em&#8220; body_font=&#8220;Rubik||||||||&#8220; body_line_height=&#8220;2em&#8220; custom_margin=&#8220;|||&#8220; custom_padding=&#8220;30px|30px|30px|30px|true|true&#8220; animation_style=&#8220;zoom&#8220; animation_intensity_zoom=&#8220;10%&#8220; border_radii=&#8220;on|5px|5px|5px|5px&#8220; border_width_top=&#8220;10px&#8220; border_color_top=&#8220;#f4c500&#8243; box_shadow_style=&#8220;preset1&#8243; box_shadow_vertical=&#8220;20px&#8220; box_shadow_blur=&#8220;45px&#8220; box_shadow_spread=&#8220;-5px&#8220; box_shadow_color=&#8220;rgba(0,0,0,0.07)&#8220; global_colors_info=&#8220;{}&#8220;]<ul>\n<li>Natur, \u00d6kologie, Technik<\/li>\n<li>Forschen, sammeln, betrachten, vergleichen, experimentieren, schlussfolgern<\/li>\n<\/ul>[\/et_pb_blurb][\/et_pb_column][et_pb_column type=&#8220;1_2&#8243; _builder_version=&#8220;3.25&#8243; custom_padding=&#8220;|||&#8220; global_colors_info=&#8220;{}&#8220; custom_padding__hover=&#8220;|||&#8220;][et_pb_blurb title=&#8220;Mathematische Bildung&#8220; use_icon=&#8220;on&#8220; font_icon=&#8220;%%269%%&#8220; icon_color=&#8220;#f4c500&#8243; icon_placement=&#8220;left&#8220; use_icon_font_size=&#8220;on&#8220; icon_font_size=&#8220;32px&#8220; _builder_version=&#8220;4.10.7&#8243; header_font=&#8220;Rubik|500|||||||&#8220; header_font_size=&#8220;20px&#8220; header_line_height=&#8220;1.7em&#8220; body_font=&#8220;Rubik||||||||&#8220; body_line_height=&#8220;2em&#8220; custom_margin=&#8220;|||&#8220; custom_padding=&#8220;30px|30px|30px|30px|true|true&#8220; animation_style=&#8220;zoom&#8220; animation_intensity_zoom=&#8220;10%&#8220; border_radii=&#8220;on|5px|5px|5px|5px&#8220; border_width_top=&#8220;10px&#8220; border_color_top=&#8220;#f4c500&#8243; box_shadow_style=&#8220;preset1&#8243; box_shadow_vertical=&#8220;20px&#8220; box_shadow_blur=&#8220;45px&#8220; box_shadow_spread=&#8220;-5px&#8220; box_shadow_color=&#8220;rgba(0,0,0,0.07)&#8220; global_colors_info=&#8220;{}&#8220;]<ul>\n<li>Entwicklung des nat\u00fcrlichen mathematischen Verst\u00e4ndisses<\/li>\n<li>Ordnen, messen, wiegen, vergleichen, z\u00e4hlen<\/li>\n<\/ul>[\/et_pb_blurb][\/et_pb_column][\/et_pb_row][et_pb_row _builder_version=&#8220;4.10.6&#8243; custom_margin=&#8220;|||&#8220; custom_padding=&#8220;|||&#8220; global_colors_info=&#8220;{}&#8220;][et_pb_column type=&#8220;4_4&#8243; _builder_version=&#8220;3.25&#8243; custom_padding=&#8220;|||&#8220; global_colors_info=&#8220;{}&#8220; custom_padding__hover=&#8220;|||&#8220;][et_pb_text _builder_version=&#8220;4.10.6&#8243; _module_preset=&#8220;default&#8220; global_colors_info=&#8220;{}&#8220;]<h6 style=\"text-align: left; padding-left: 40px;\">Quelle: S\u00e4chsisches Staatsministerium f\u00fcr Kultus (Hrsg.): Der S\u00e4chsische Bildungsplan &#8211; ein Leitfaden f\u00fcr p\u00e4dagogische Fachkr\u00e4fte in Krippen, Kinderg\u00e4rten und Horten sowie f\u00fcr Kindertagespflege.<\/h6>\n<h6 style=\"text-align: left; padding-left: 40px;\">Das Dokument steht hier als PDF zum Download zur Verf\u00fcgung:<\/h6>[\/et_pb_text][\/et_pb_column][\/et_pb_row][\/et_pb_section][et_pb_section fb_built=&#8220;1&#8243; admin_label=&#8220;Programs&#8220; module_id=&#8220;anker2&#8243; _builder_version=&#8220;4.10.8&#8243; use_background_color_gradient=&#8220;on&#8220; background_color_gradient_start=&#8220;#ffffff&#8220; background_color_gradient_end=&#8220;rgba(224,170,168,0.54)&#8220; background_enable_image=&#8220;off&#8220; background_size=&#8220;initial&#8220; custom_padding=&#8220;54px|0px|1px|0px|false|false&#8220; global_colors_info=&#8220;{}&#8220;][et_pb_row column_structure=&#8220;1_2,1_2&#8243; _builder_version=&#8220;3.25&#8243; global_colors_info=&#8220;{}&#8220;][et_pb_column type=&#8220;1_2&#8243; _builder_version=&#8220;3.25&#8243; custom_padding=&#8220;|||&#8220; global_colors_info=&#8220;{}&#8220; custom_padding__hover=&#8220;|||&#8220;][et_pb_blurb title=&#8220;Eingew\u00f6hnung&#8220; use_icon=&#8220;on&#8220; font_icon=&#8220;%%166%%&#8220; icon_color=&#8220;#ff7355&#8243; use_icon_font_size=&#8220;on&#8220; icon_font_size=&#8220;32px&#8220; _builder_version=&#8220;4.10.7&#8243; header_font=&#8220;Cabin Sketch|700||on|||||&#8220; header_text_color=&#8220;#2b76df&#8220; header_font_size=&#8220;20px&#8220; header_letter_spacing=&#8220;5px&#8220; header_line_height=&#8220;1.4em&#8220; text_orientation=&#8220;center&#8220; custom_margin=&#8220;||0px|&#8220; locked=&#8220;off&#8220; global_colors_info=&#8220;{}&#8220;][\/et_pb_blurb][et_pb_text _builder_version=&#8220;4.10.7&#8243; text_font=&#8220;Rubik|500|||||||&#8220; text_font_size=&#8220;16px&#8220; text_line_height=&#8220;2em&#8220; header_font=&#8220;||||||||&#8220; header_2_font=&#8220;Rubik|700|||||||&#8220; header_2_font_size=&#8220;40px&#8220; header_2_line_height=&#8220;1.4em&#8220; header_5_font=&#8220;Rubik|700||on|||||&#8220; header_5_text_color=&#8220;#2b76df&#8220; header_5_letter_spacing=&#8220;5px&#8220; header_5_line_height=&#8220;1.5em&#8220; text_orientation=&#8220;center&#8220; max_width=&#8220;700px&#8220; module_alignment=&#8220;center&#8220; custom_margin=&#8220;|||&#8220; custom_margin_tablet=&#8220;0px|||&#8220; custom_margin_last_edited=&#8220;off|desktop&#8220; text_line_height_last_edited=&#8220;off|desktop&#8220; header_2_font_size_tablet=&#8220;&#8220; header_2_font_size_phone=&#8220;30px&#8220; header_2_font_size_last_edited=&#8220;on|phone&#8220; global_colors_info=&#8220;{}&#8220;]<h2>Wie funktioniert die Eingew\u00f6hnung?<\/h2>\n<p style=\"text-align: left;\">Mit der Eingew\u00f6hnungsphase beginnt unsere gemeinsame Zusammenarbeit. Wir achten miteinander auf die Bed\u00fcrfnisse Ihres Kindes und weil jedes Kind anders auf diese neue und spannende Situation reagiert, wird diese Zeit individuell und gef\u00fchlvoll gestaltet.<\/p>\n<p style=\"text-align: left;\">Wir beobachten und planen gemeinsam weitere Schritte. Mir ist es wichtig, dass auch Sie ein gutes Gef\u00fchl bekommen und Sicherheit haben, dass es Ihrem Kind gut geht, wenn es sich f\u00fcr mehrere Stunden bei uns aufh\u00e4lt.<\/p>\n<ul style=\"text-align: left;\"><\/ul>\n<p style=\"text-align: left;\">Es wird einen &#8222;roten Faden&#8220; geben, der sich durch diese aufregende, neue Zeit zieht, f\u00fcr Sie nachvollziehbar ist und erste Planungssicherheit gibt.<\/p>\n<p style=\"text-align: left;\">In der Regel k\u00f6nnen Sie mit einem Zeitraum von 2 bis 4 Wochen rechnen. Ihr Kind bestimmt das Tempo.<\/p>[\/et_pb_text][et_pb_image src=&#8220;https:\/\/klitzeklein-dresden.de\/wp-content\/uploads\/2021\/09\/Kopie-von-Kopie-von-Kopie-von-Klitzeklein-Motiv.png&#8220; title_text=&#8220;Kopie von Kopie von Kopie von Klitzeklein Motiv&#8220; _builder_version=&#8220;4.10.7&#8243; _module_preset=&#8220;default&#8220; global_colors_info=&#8220;{}&#8220;][\/et_pb_image][\/et_pb_column][et_pb_column type=&#8220;1_2&#8243; _builder_version=&#8220;3.25&#8243; custom_padding=&#8220;|||&#8220; global_colors_info=&#8220;{}&#8220; custom_padding__hover=&#8220;|||&#8220;][et_pb_blurb title=&#8220;Kosten&#8220; use_icon=&#8220;on&#8220; font_icon=&#8220;%%79%%&#8220; icon_color=&#8220;#ff7355&#8243; use_icon_font_size=&#8220;on&#8220; icon_font_size=&#8220;32px&#8220; _builder_version=&#8220;4.10.6&#8243; header_font=&#8220;Cabin Sketch|700||on|||||&#8220; header_text_color=&#8220;#2b76df&#8220; header_font_size=&#8220;20px&#8220; header_letter_spacing=&#8220;5px&#8220; header_line_height=&#8220;1.4em&#8220; text_orientation=&#8220;center&#8220; custom_margin=&#8220;||0px|&#8220; locked=&#8220;off&#8220; global_colors_info=&#8220;{}&#8220;][\/et_pb_blurb][et_pb_text _builder_version=&#8220;4.10.7&#8243; text_font=&#8220;Rubik|500|||||||&#8220; text_font_size=&#8220;16px&#8220; text_line_height=&#8220;2em&#8220; header_font=&#8220;||||||||&#8220; header_2_font=&#8220;Rubik|700|||||||&#8220; header_2_font_size=&#8220;40px&#8220; header_2_line_height=&#8220;1.4em&#8220; header_5_font=&#8220;Rubik|700||on|||||&#8220; header_5_text_color=&#8220;#2b76df&#8220; header_5_letter_spacing=&#8220;5px&#8220; header_5_line_height=&#8220;1.5em&#8220; text_orientation=&#8220;center&#8220; max_width=&#8220;700px&#8220; module_alignment=&#8220;center&#8220; custom_margin=&#8220;|||&#8220; custom_margin_tablet=&#8220;0px|||&#8220; custom_margin_last_edited=&#8220;off|desktop&#8220; text_line_height_last_edited=&#8220;off|desktop&#8220; header_2_font_size_tablet=&#8220;&#8220; header_2_font_size_phone=&#8220;30px&#8220; header_2_font_size_last_edited=&#8220;on|phone&#8220; global_colors_info=&#8220;{}&#8220;]<h2>Was kostet ein Platz in der Kindertagespflege?<\/h2>\n<p style=\"text-align: left;\"><span>F\u00fcr die Betreuung eines Kindes in Kindertagseinrichtungen oder Kindertagespflege wird ein Elternbeitrag auf Basis des<\/span><span>\u00a0\u00a7 15 S\u00e4chsischen Gesetz zur F\u00f6rderung von Kindern in Tageseinrichtungen (S\u00e4chsKitaG) und der \u201eSatzung der Landeshauptstadt Dresden \u00fcber die Erhebung von Elternbeitr\u00e4gen (Elternbeitragssatzung)\u201c erhoben.<\/span><\/p>\n<p style=\"text-align: left;\"><span>Der Elternbeitrag ist f\u00fcr Kindertagespflege, sowie f\u00fcr Kindertageseinrichtungen in kommunaler oder freier Tr\u00e4gerschaft stadtweit gleich und unterscheidet sich in der H\u00f6he lediglich nach<\/span><\/p>\n<ul style=\"text-align: left;\">\n<li style=\"text-align: left;\"><span>der gew\u00e4hlten Betreuungsart<\/span><\/li>\n<\/ul>\n<ul style=\"text-align: left;\">\n<li style=\"text-align: left;\"><span><\/span><span>und der vertraglich vereinbarten Betreuungszeit.<\/span><\/li>\n<\/ul>\n<p style=\"text-align: left;\">Die Kosten sind gleichzusetzen mit den Kosten f\u00fcr einen Krippenplatz.<\/p>\n<p style=\"text-align: left;\">Eine Minderung oder ein Erlass des Elternbeitrags ist auf Antrag beim <a href=\"https:\/\/www.dresden.de\/de\/leben\/kinder\/tagesbetreuung\/anmeldung\/elternbeitraege.php?pk_campaign=Shortcut&amp;pk_kwd=elternbeitraege\" target=\"_blank\" rel=\"noopener\">Amt f\u00fcr Kindertagespflege Dresden<\/a> m\u00f6glich.<\/p>[\/et_pb_text][\/et_pb_column][\/et_pb_row][\/et_pb_section][et_pb_section fb_built=&#8220;1&#8243; admin_label=&#8220;Programs&#8220; module_id=&#8220;anker3&#8243; _builder_version=&#8220;4.10.8&#8243; use_background_color_gradient=&#8220;on&#8220; background_color_gradient_start=&#8220;rgba(224,170,168,0.54)&#8220; background_color_gradient_end=&#8220;#ffffff&#8220; background_enable_image=&#8220;off&#8220; background_size=&#8220;initial&#8220; custom_padding=&#8220;54px|0px|1px|0px|false|false&#8220; global_colors_info=&#8220;{}&#8220;][et_pb_row column_structure=&#8220;1_2,1_2&#8243; _builder_version=&#8220;3.25&#8243; global_colors_info=&#8220;{}&#8220;][et_pb_column type=&#8220;1_2&#8243; _builder_version=&#8220;3.25&#8243; custom_padding=&#8220;|||&#8220; global_colors_info=&#8220;{}&#8220; custom_padding__hover=&#8220;|||&#8220;][et_pb_blurb title=&#8220;Ersatzbetreuung&#8220; use_icon=&#8220;on&#8220; font_icon=&#8220;%%29%%&#8220; icon_color=&#8220;#ff7355&#8243; use_icon_font_size=&#8220;on&#8220; icon_font_size=&#8220;32px&#8220; _builder_version=&#8220;4.10.7&#8243; header_font=&#8220;Cabin Sketch|700||on|||||&#8220; header_text_color=&#8220;#2b76df&#8220; header_font_size=&#8220;20px&#8220; header_letter_spacing=&#8220;5px&#8220; header_line_height=&#8220;1.4em&#8220; text_orientation=&#8220;center&#8220; custom_margin=&#8220;||0px|&#8220; locked=&#8220;off&#8220; global_colors_info=&#8220;{}&#8220;][\/et_pb_blurb][et_pb_text _builder_version=&#8220;4.11.1&#8243; text_font=&#8220;Rubik|500|||||||&#8220; text_font_size=&#8220;16px&#8220; text_line_height=&#8220;2em&#8220; header_font=&#8220;||||||||&#8220; header_2_font=&#8220;Rubik|700|||||||&#8220; header_2_font_size=&#8220;40px&#8220; header_2_line_height=&#8220;1.4em&#8220; header_5_font=&#8220;Rubik|700||on|||||&#8220; header_5_text_color=&#8220;#2b76df&#8220; header_5_letter_spacing=&#8220;5px&#8220; header_5_line_height=&#8220;1.5em&#8220; text_orientation=&#8220;center&#8220; max_width=&#8220;700px&#8220; module_alignment=&#8220;center&#8220; custom_margin=&#8220;|||&#8220; custom_margin_tablet=&#8220;0px|||&#8220; custom_margin_last_edited=&#8220;off|desktop&#8220; hover_enabled=&#8220;0&#8243; text_line_height_last_edited=&#8220;off|desktop&#8220; header_2_font_size_tablet=&#8220;&#8220; header_2_font_size_phone=&#8220;30px&#8220; header_2_font_size_last_edited=&#8220;on|phone&#8220; global_colors_info=&#8220;{}&#8220; sticky_enabled=&#8220;0&#8243;]<h2>Ist die Betreuung auch in der Urlaubszeit gesichert?<\/h2>\n<p>&nbsp;<\/p>\n<p style=\"text-align: left;\">In Ausfallzeiten meinerseits bleiben die Kinder zusammen und werden in der gewohnten Umgebung von unserer Ersatztagesmutti Isabel betreut.<\/p>[\/et_pb_text][et_pb_image src=&#8220;https:\/\/klitzeklein-dresden.de\/wp-content\/uploads\/2021\/09\/4.png&#8220; title_text=&#8220;4&#8243; align=&#8220;right&#8220; _builder_version=&#8220;4.10.7&#8243; _module_preset=&#8220;default&#8220; global_colors_info=&#8220;{}&#8220;][\/et_pb_image][\/et_pb_column][et_pb_column type=&#8220;1_2&#8243; _builder_version=&#8220;3.25&#8243; custom_padding=&#8220;|||&#8220; global_colors_info=&#8220;{}&#8220; custom_padding__hover=&#8220;|||&#8220;][et_pb_blurb title=&#8220;Anmeldung&#8220; use_icon=&#8220;on&#8220; font_icon=&#8220;%%75%%&#8220; icon_color=&#8220;#ff7355&#8243; use_icon_font_size=&#8220;on&#8220; icon_font_size=&#8220;32px&#8220; _builder_version=&#8220;4.10.6&#8243; header_font=&#8220;Cabin Sketch|700||on|||||&#8220; header_text_color=&#8220;#2b76df&#8220; header_font_size=&#8220;20px&#8220; header_letter_spacing=&#8220;5px&#8220; header_line_height=&#8220;1.4em&#8220; text_orientation=&#8220;center&#8220; custom_margin=&#8220;||0px|&#8220; locked=&#8220;off&#8220; global_colors_info=&#8220;{}&#8220;][\/et_pb_blurb][et_pb_text _builder_version=&#8220;4.10.7&#8243; text_font=&#8220;Rubik|500|||||||&#8220; text_font_size=&#8220;16px&#8220; text_line_height=&#8220;2em&#8220; header_font=&#8220;||||||||&#8220; header_2_font=&#8220;Rubik|700|||||||&#8220; header_2_font_size=&#8220;40px&#8220; header_2_line_height=&#8220;1.4em&#8220; header_5_font=&#8220;Rubik|700||on|||||&#8220; header_5_text_color=&#8220;#2b76df&#8220; header_5_letter_spacing=&#8220;5px&#8220; header_5_line_height=&#8220;1.5em&#8220; text_orientation=&#8220;center&#8220; max_width=&#8220;700px&#8220; module_alignment=&#8220;center&#8220; custom_margin=&#8220;|||&#8220; custom_margin_tablet=&#8220;0px|||&#8220; custom_margin_last_edited=&#8220;off|desktop&#8220; text_line_height_last_edited=&#8220;off|desktop&#8220; header_2_font_size_tablet=&#8220;&#8220; header_2_font_size_phone=&#8220;30px&#8220; header_2_font_size_last_edited=&#8220;on|phone&#8220; global_colors_info=&#8220;{}&#8220;]<h2>Wo melde ich mein Kind f\u00fcr die Kindertagespflege an?<\/h2>\n<p>&nbsp;<\/p>\n<p style=\"text-align: left;\">Wenn ich Ihr Interesse f\u00fcr eine gemeinsame Zeit, f\u00fcr die wichtigsten ersten Lebensjahre Ihres Kindes, geweckt habe, dann rufen Sie mich gerne an oder schreiben Sie mir eine E-Mail.<\/p>\n<p style=\"text-align: left;\">Auch in Ihrer Schwangerschaft k\u00f6nnen wir uns schon kennenlernen und einen Termin f\u00fcr ein pers\u00f6nliches Gespr\u00e4ch und einen Besuch bei uns vereinbaren.<\/p>\n<p style=\"text-align: left;\">Wenn wir uns f\u00fcr eine Zusammenarbeit entschieden haben, begleite ich Sie gern durch das Anmelde-Prozedere.<\/p>[\/et_pb_text][\/et_pb_column][\/et_pb_row][\/et_pb_section][et_pb_section fb_built=&#8220;1&#8243; admin_label=&#8220;Admissions&#8220; _builder_version=&#8220;4.10.8&#8243; use_background_color_gradient=&#8220;on&#8220; background_color_gradient_start=&#8220;#ffffff&#8220; background_color_gradient_end=&#8220;rgba(224,170,168,0.54)&#8220; background_enable_image=&#8220;off&#8220; parallax=&#8220;on&#8220; custom_margin=&#8220;0px||||false|false&#8220; custom_padding=&#8220;||0px|||&#8220; global_colors_info=&#8220;{}&#8220;][et_pb_row _builder_version=&#8220;4.10.8&#8243; global_colors_info=&#8220;{}&#8220;][et_pb_column type=&#8220;4_4&#8243; _builder_version=&#8220;4.10.6&#8243; custom_padding=&#8220;|||&#8220; global_colors_info=&#8220;{}&#8220; custom_padding__hover=&#8220;|||&#8220;][et_pb_text _builder_version=&#8220;4.10.8&#8243; text_font=&#8220;Rubik|500|||||||&#8220; text_font_size=&#8220;16px&#8220; text_line_height=&#8220;2em&#8220; header_font=&#8220;||||||||&#8220; header_2_font=&#8220;Rubik|700|||||||&#8220; header_2_font_size=&#8220;40px&#8220; header_2_line_height=&#8220;1.4em&#8220; header_5_font=&#8220;Rubik|700||on|||||&#8220; header_5_text_color=&#8220;#2b76df&#8220; header_5_letter_spacing=&#8220;5px&#8220; header_5_line_height=&#8220;1.5em&#8220; max_width=&#8220;700px&#8220; module_alignment=&#8220;center&#8220; custom_margin=&#8220;|||&#8220; custom_margin_tablet=&#8220;0px|||&#8220; custom_margin_last_edited=&#8220;off|desktop&#8220; custom_padding=&#8220;0px||||false|false&#8220; text_line_height_last_edited=&#8220;off|desktop&#8220; header_2_font_size_tablet=&#8220;&#8220; header_2_font_size_phone=&#8220;30px&#8220; header_2_font_size_last_edited=&#8220;on|phone&#8220; locked=&#8220;off&#8220; global_colors_info=&#8220;{}&#8220;]<h5>ANMELDUNG<\/h5>[\/et_pb_text][et_pb_text _builder_version=&#8220;4.10.8&#8243; text_font=&#8220;Rubik|500|||||||&#8220; text_font_size=&#8220;16px&#8220; text_line_height=&#8220;2em&#8220; header_font=&#8220;||||||||&#8220; header_2_font=&#8220;||||||||&#8220; header_3_font=&#8220;Rubik|700|||||||&#8220; header_3_text_color=&#8220;#2b76df&#8220; header_3_font_size=&#8220;42px&#8220; header_5_font=&#8220;||||||||&#8220; max_width=&#8220;700px&#8220; module_alignment=&#8220;center&#8220; custom_margin=&#8220;|||&#8220; custom_margin_tablet=&#8220;0px|||&#8220; custom_margin_last_edited=&#8220;off|desktop&#8220; animation_style=&#8220;zoom&#8220; animation_intensity_zoom=&#8220;10%&#8220; text_line_height_last_edited=&#8220;off|desktop&#8220; header_2_font_size_phone=&#8220;30px&#8220; header_2_font_size_last_edited=&#8220;off|desktop&#8220; global_colors_info=&#8220;{}&#8220;]<h3>01.<\/h3>\n<h3><span style=\"font-size: 16px; font-weight: 500; color: #666666;\">Kontaktaufnahme mit mir per E-Mail oder Telefon.<\/span><\/h3>[\/et_pb_text][et_pb_blurb title=&#8220;Kindertagespflege %22Klitzeklein%22&#8243; use_icon=&#8220;on&#8220; font_icon=&#8220;%%264%%&#8220; icon_color=&#8220;#0C71C3&#8243; use_circle=&#8220;on&#8220; circle_color=&#8220;#ffffff&#8220; use_circle_border=&#8220;on&#8220; circle_border_color=&#8220;#ffffff&#8220; icon_placement=&#8220;left&#8220; use_icon_font_size=&#8220;on&#8220; icon_font_size=&#8220;24px&#8220; _builder_version=&#8220;4.10.8&#8243; header_font=&#8220;Rubik|700||on|||||&#8220; header_font_size=&#8220;12px&#8220; header_letter_spacing=&#8220;3px&#8220; header_line_height=&#8220;1.2em&#8220; body_font=&#8220;Rubik||||||||&#8220; body_text_color=&#8220;#7f5aff&#8220; animation=&#8220;off&#8220; locked=&#8220;off&#8220; global_colors_info=&#8220;{}&#8220;]<p>+49 152 21 87 94 53<\/p>[\/et_pb_blurb][et_pb_blurb title=&#8220;E-Mail &#8220; use_icon=&#8220;on&#8220; font_icon=&#8220;%%238%%&#8220; icon_color=&#8220;#E09900&#8243; use_circle=&#8220;on&#8220; circle_color=&#8220;#ffffff&#8220; use_circle_border=&#8220;on&#8220; circle_border_color=&#8220;#ffffff&#8220; icon_placement=&#8220;left&#8220; use_icon_font_size=&#8220;on&#8220; icon_font_size=&#8220;24px&#8220; _builder_version=&#8220;4.10.8&#8243; header_font=&#8220;Rubik|700||on|||||&#8220; header_font_size=&#8220;12px&#8220; header_letter_spacing=&#8220;3px&#8220; header_line_height=&#8220;1.2em&#8220; body_font=&#8220;Rubik||||||||&#8220; body_text_color=&#8220;#ff7355&#8243; animation=&#8220;off&#8220; global_colors_info=&#8220;{}&#8220;]<p><a href=\"mailto:klitzeklein-dresden@web.de\" target=\"_blank\" rel=\"noopener\">klitzeklein-dresden@web.de<\/a><\/p>[\/et_pb_blurb][et_pb_text _builder_version=&#8220;4.10.8&#8243; text_font=&#8220;Rubik|500|||||||&#8220; text_font_size=&#8220;16px&#8220; text_line_height=&#8220;2em&#8220; header_font=&#8220;||||||||&#8220; header_2_font=&#8220;||||||||&#8220; header_3_font=&#8220;Rubik|700|||||||&#8220; header_3_text_color=&#8220;#ff7355&#8243; header_3_font_size=&#8220;42px&#8220; header_5_font=&#8220;||||||||&#8220; max_width=&#8220;700px&#8220; module_alignment=&#8220;center&#8220; custom_margin=&#8220;|||&#8220; custom_margin_tablet=&#8220;0px|||&#8220; custom_margin_last_edited=&#8220;off|desktop&#8220; animation_style=&#8220;zoom&#8220; animation_intensity_zoom=&#8220;10%&#8220; text_line_height_last_edited=&#8220;off|desktop&#8220; header_2_font_size_phone=&#8220;30px&#8220; header_2_font_size_last_edited=&#8220;off|desktop&#8220; global_colors_info=&#8220;{}&#8220;]<h3>02.<\/h3>\n<p>Pers\u00f6nliches Gespr\u00e4ch und Besuch vor Ort.<\/p>[\/et_pb_text][et_pb_text _builder_version=&#8220;4.10.8&#8243; text_font=&#8220;Rubik|500|||||||&#8220; text_font_size=&#8220;16px&#8220; text_line_height=&#8220;2em&#8220; header_font=&#8220;||||||||&#8220; header_2_font=&#8220;||||||||&#8220; header_3_font=&#8220;Rubik|700|||||||&#8220; header_3_text_color=&#8220;#74bc19&#8243; header_3_font_size=&#8220;42px&#8220; header_5_font=&#8220;||||||||&#8220; max_width=&#8220;700px&#8220; module_alignment=&#8220;center&#8220; custom_margin=&#8220;|||&#8220; custom_margin_tablet=&#8220;0px|||&#8220; custom_margin_last_edited=&#8220;off|desktop&#8220; animation_style=&#8220;zoom&#8220; animation_intensity_zoom=&#8220;10%&#8220; text_line_height_last_edited=&#8220;off|desktop&#8220; header_2_font_size_phone=&#8220;30px&#8220; header_2_font_size_last_edited=&#8220;off|desktop&#8220; global_colors_info=&#8220;{}&#8220;]<h3>03.<\/h3>\n<p>Ich begleite Sie durch das Anmeldeprozedere der Stadt Dresden.<\/p>\n<p>&nbsp;<\/p>[\/et_pb_text][\/et_pb_column][\/et_pb_row][\/et_pb_section][et_pb_section fb_built=&#8220;1&#8243; admin_label=&#8220;Footer&#8220; _builder_version=&#8220;4.9.11&#8243; background_image=&#8220;https:\/\/klitzeklein-dresden.de\/wp-content\/uploads\/2021\/08\/Kinderhaendemalen.jpg&#8220; parallax=&#8220;on&#8220; custom_margin=&#8220;|||&#8220; custom_padding=&#8220;|||&#8220; global_module=&#8220;183&#8243; saved_tabs=&#8220;all&#8220; global_colors_info=&#8220;{}&#8220;][et_pb_row column_structure=&#8220;1_4,1_4,1_2&#8243; use_custom_gutter=&#8220;on&#8220; gutter_width=&#8220;2&#8243; make_equal=&#8220;on&#8220; _builder_version=&#8220;3.25&#8243; custom_padding=&#8220;|||&#8220; animation_style=&#8220;fade&#8220; border_radii=&#8220;on|10px|10px|10px|10px&#8220; global_colors_info=&#8220;{}&#8220;][et_pb_column type=&#8220;1_4&#8243; _builder_version=&#8220;3.25&#8243; custom_padding=&#8220;|||&#8220; global_colors_info=&#8220;{}&#8220; custom_padding__hover=&#8220;|||&#8220;][et_pb_blurb _builder_version=&#8220;4.10.8&#8243; _module_preset=&#8220;default&#8220; header_font=&#8220;Cabin Sketch||||||||&#8220; header_text_align=&#8220;center&#8220; header_text_color=&#8220;#FFFFFF&#8220; header_letter_spacing=&#8220;4px&#8220; body_font=&#8220;Cabin Sketch||||||||&#8220; body_text_align=&#8220;center&#8220; body_text_color=&#8220;#FFFFFF&#8220; body_font_size=&#8220;43px&#8220; background_color=&#8220;#2b76df&#8220; border_radii=&#8220;on|14px|14px|14px|14px&#8220; global_colors_info=&#8220;{}&#8220;]<p>&nbsp;<\/p>\n<p style=\"text-align: center;\">Spielen<\/p>\n<p>&nbsp;<\/p>[\/et_pb_blurb][et_pb_blurb _builder_version=&#8220;4.10.8&#8243; _module_preset=&#8220;default&#8220; header_font=&#8220;Cabin Sketch||||||||&#8220; header_text_align=&#8220;center&#8220; header_text_color=&#8220;#FFFFFF&#8220; header_letter_spacing=&#8220;4px&#8220; body_font=&#8220;Cabin Sketch||||||||&#8220; body_text_align=&#8220;center&#8220; body_text_color=&#8220;#FFFFFF&#8220; body_font_size=&#8220;43px&#8220; background_color=&#8220;#ff9c02&#8243; border_radii=&#8220;on|14px|14px|14px|14px&#8220; global_colors_info=&#8220;{}&#8220;]<p>&nbsp;<\/p>\n<p style=\"text-align: center;\">Bewegung<\/p>\n<p>&nbsp;<\/p>[\/et_pb_blurb][\/et_pb_column][et_pb_column type=&#8220;1_4&#8243; _builder_version=&#8220;3.25&#8243; custom_padding=&#8220;|||&#8220; global_colors_info=&#8220;{}&#8220; custom_padding__hover=&#8220;|||&#8220;][et_pb_blurb _builder_version=&#8220;4.10.8&#8243; _module_preset=&#8220;default&#8220; header_font=&#8220;Cabin Sketch||||||||&#8220; header_text_align=&#8220;center&#8220; header_text_color=&#8220;#FFFFFF&#8220; header_letter_spacing=&#8220;4px&#8220; body_font=&#8220;Cabin Sketch||||||||&#8220; body_text_align=&#8220;center&#8220; body_text_color=&#8220;#FFFFFF&#8220; body_font_size=&#8220;43px&#8220; background_color=&#8220;#ff5360&#8243; border_radii=&#8220;on|14px|14px|14px|14px&#8220; global_colors_info=&#8220;{}&#8220;]<p>&nbsp;<\/p>\n<p style=\"text-align: center;\">Lernen<\/p>\n<p>&nbsp;<\/p>[\/et_pb_blurb][et_pb_blurb _builder_version=&#8220;4.10.8&#8243; _module_preset=&#8220;default&#8220; header_font=&#8220;Cabin Sketch||||||||&#8220; header_text_align=&#8220;center&#8220; header_text_color=&#8220;#FFFFFF&#8220; header_letter_spacing=&#8220;4px&#8220; body_font=&#8220;Cabin Sketch||||||||&#8220; body_text_align=&#8220;center&#8220; body_text_color=&#8220;#FFFFFF&#8220; body_font_size=&#8220;43px&#8220; background_color=&#8220;#74bc19&#8243; border_radii=&#8220;on|14px|14px|14px|14px&#8220; global_colors_info=&#8220;{}&#8220;]<p>&nbsp;<\/p>\n<p style=\"text-align: center;\">F\u00fchlen<\/p>\n<p>&nbsp;<\/p>[\/et_pb_blurb][\/et_pb_column][et_pb_column type=&#8220;1_2&#8243; _builder_version=&#8220;3.25&#8243; custom_padding=&#8220;|||&#8220; global_colors_info=&#8220;{}&#8220; custom_padding__hover=&#8220;|||&#8220;][et_pb_cta title=&#8220;Klitzeklein&#8220; button_url=&#8220;mailto:klitzeklein-dresden@web.de&#8220; button_text=&#8220;Kontakt aufnehmen&#8220; _builder_version=&#8220;4.10.8&#8243; header_font=&#8220;Clicker Script|700|||||||&#8220; header_font_size=&#8220;81px&#8220; header_line_height=&#8220;1.4em&#8220; body_font=&#8220;Rubik||||||||&#8220; body_line_height=&#8220;2em&#8220; background_color=&#8220;#ffffff&#8220; custom_button=&#8220;on&#8220; button_text_size=&#8220;16px&#8220; button_text_color=&#8220;#ffffff&#8220; button_bg_color=&#8220;#ff5360&#8243; button_border_width=&#8220;10px&#8220; button_border_color=&#8220;rgba(65,65,144,0)&#8220; button_border_radius=&#8220;70px&#8220; button_font=&#8220;Rubik|700|||||||&#8220; button_use_icon=&#8220;off&#8220; text_orientation=&#8220;left&#8220; background_layout=&#8220;light&#8220; max_width_last_edited=&#8220;off|desktop&#8220; module_alignment=&#8220;right&#8220; custom_margin=&#8220;|||&#8220; custom_padding=&#8220;64px|60px|64px|60px|true&#8220; header_font_size_tablet=&#8220;&#8220; header_font_size_phone=&#8220;30px&#8220; header_font_size_last_edited=&#8220;on|phone&#8220; body_line_height_last_edited=&#8220;off|desktop&#8220; border_radii=&#8220;on|10px|10px|10px|10px&#8220; button_text_color_hover=&#8220;#ffffff&#8220; button_border_radius_hover=&#8220;70px&#8220; button_bg_color_hover=&#8220;#9577ff&#8220; global_colors_info=&#8220;{}&#8220; button_text_size__hover_enabled=&#8220;off&#8220; button_one_text_size__hover_enabled=&#8220;off&#8220; button_two_text_size__hover_enabled=&#8220;off&#8220; button_text_color__hover_enabled=&#8220;on&#8220; button_text_color__hover=&#8220;#ffffff&#8220; button_one_text_color__hover_enabled=&#8220;off&#8220; button_two_text_color__hover_enabled=&#8220;off&#8220; button_border_width__hover_enabled=&#8220;off&#8220; button_one_border_width__hover_enabled=&#8220;off&#8220; button_two_border_width__hover_enabled=&#8220;off&#8220; button_border_color__hover_enabled=&#8220;off&#8220; button_one_border_color__hover_enabled=&#8220;off&#8220; button_two_border_color__hover_enabled=&#8220;off&#8220; button_border_radius__hover_enabled=&#8220;on&#8220; button_border_radius__hover=&#8220;70px&#8220; button_one_border_radius__hover_enabled=&#8220;off&#8220; button_two_border_radius__hover_enabled=&#8220;off&#8220; button_letter_spacing__hover_enabled=&#8220;off&#8220; button_one_letter_spacing__hover_enabled=&#8220;off&#8220; button_two_letter_spacing__hover_enabled=&#8220;off&#8220; button_bg_color__hover_enabled=&#8220;on&#8220; button_bg_color__hover=&#8220;#9577ff&#8220; button_one_bg_color__hover_enabled=&#8220;off&#8220; button_two_bg_color__hover_enabled=&#8220;off&#8220;]<p><strong>Ort:<\/strong>\u00a0Klitzeklein Dresden, B\u00fcnaustra\u00dfe 15, Vorderhaus, 01159 Dresden<\/p>\n<p><strong>Telefon:<\/strong>\u00a0+49 152 21879453<\/p>\n<p><strong>Email:<\/strong>\u00a0<span style=\"color: #000000;\"><a href=\"mailto:klitzeklein-dresden@web.de\" style=\"color: #000000;\">klitzeklein-dresden@web.de<\/a><\/span><\/p>\n<p><strong>\u00d6ffnungszeiten:<\/strong> M-F: 7.00 Uhr &#8211; 17.00 Uhr<\/p>\n<p><span style=\"text-decoration: underline;\">Impressum<\/span><\/p>\n<p><span style=\"text-decoration: underline;\">Datenschutz<\/span><\/p>[\/et_pb_cta][\/et_pb_column][\/et_pb_row][\/et_pb_section]\n","protected":false},"excerpt":{"rendered":"<p>&nbsp; Auf dieser Seite finden Sie alle wichtigen Informationen zu Ihren organisatorischen und inhaltlichen Fragen. Bildungsbereiche Eingew\u00f6hnung \/ Ersatzbetreuung Betreuungskosten \/ AnmeldungIch w\u00fcnsche mir einen unkomplizierten und vertrauensvollen Umgang miteinander als Basis f\u00fcr den regelm\u00e4\u00dfigen Austausch \u00fcber die Entwicklung der Kinder.\u00a0 Aufgrund der kleinen Gruppe, ist dies t\u00e4glich m\u00f6glich. Sollte der Wunsch nach einem Einzelgespr\u00e4ch [&hellip;]<\/p>\n","protected":false},"author":1,"featured_media":0,"parent":0,"menu_order":0,"comment_status":"closed","ping_status":"closed","template":"","meta":{"_et_pb_use_builder":"on","_et_pb_old_content":"","_et_gb_content_width":"","footnotes":""},"class_list":["post-47","page","type-page","status-publish","hentry"],"yoast_head":"<!-- This site is optimized with the Yoast SEO plugin v27.5 - https:\/\/yoast.com\/product\/yoast-seo-wordpress\/ -->\n<title>Elterninfo - Klitzeklein Kindertagesbetreuung<\/title>\n<meta name=\"description\" content=\"Kindertagespflege Klitzeklein Elternbereich. Auf dieser Seite finden Sie alle wichtigen Informationen zu Ihren organisatorischen und inhaltlichen Fragen.\" \/>\n<meta name=\"robots\" content=\"index, follow, max-snippet:-1, max-image-preview:large, max-video-preview:-1\" \/>\n<link rel=\"canonical\" href=\"https:\/\/klitzeklein-dresden.de\/index.php\/elterninfo\/\" \/>\n<meta property=\"og:locale\" content=\"de_DE\" \/>\n<meta property=\"og:type\" content=\"article\" \/>\n<meta property=\"og:title\" content=\"Elterninfo - Klitzeklein Kindertagesbetreuung\" \/>\n<meta property=\"og:description\" content=\"Kindertagespflege Klitzeklein Elternbereich. Auf dieser Seite finden Sie alle wichtigen Informationen zu Ihren organisatorischen und inhaltlichen Fragen.\" \/>\n<meta property=\"og:url\" content=\"https:\/\/klitzeklein-dresden.de\/index.php\/elterninfo\/\" \/>\n<meta property=\"og:site_name\" content=\"Klitzeklein Kindertagesbetreuung\" \/>\n<meta property=\"article:modified_time\" content=\"2025-01-16T15:06:36+00:00\" \/>\n<meta name=\"twitter:card\" content=\"summary_large_image\" \/>\n<meta name=\"twitter:label1\" content=\"Gesch\u00e4tzte Lesezeit\" \/>\n\t<meta name=\"twitter:data1\" content=\"5\u00a0Minuten\" \/>\n<script type=\"application\/ld+json\" class=\"yoast-schema-graph\">{\"@context\":\"https:\\\/\\\/schema.org\",\"@graph\":[{\"@type\":\"WebPage\",\"@id\":\"https:\\\/\\\/klitzeklein-dresden.de\\\/index.php\\\/elterninfo\\\/\",\"url\":\"https:\\\/\\\/klitzeklein-dresden.de\\\/index.php\\\/elterninfo\\\/\",\"name\":\"Elterninfo - Klitzeklein Kindertagesbetreuung\",\"isPartOf\":{\"@id\":\"https:\\\/\\\/klitzeklein-dresden.de\\\/#website\"},\"datePublished\":\"2021-09-08T14:10:49+00:00\",\"dateModified\":\"2025-01-16T15:06:36+00:00\",\"description\":\"Kindertagespflege Klitzeklein Elternbereich. Auf dieser Seite finden Sie alle wichtigen Informationen zu Ihren organisatorischen und inhaltlichen Fragen.\",\"breadcrumb\":{\"@id\":\"https:\\\/\\\/klitzeklein-dresden.de\\\/index.php\\\/elterninfo\\\/#breadcrumb\"},\"inLanguage\":\"de\",\"potentialAction\":[{\"@type\":\"ReadAction\",\"target\":[\"https:\\\/\\\/klitzeklein-dresden.de\\\/index.php\\\/elterninfo\\\/\"]}]},{\"@type\":\"BreadcrumbList\",\"@id\":\"https:\\\/\\\/klitzeklein-dresden.de\\\/index.php\\\/elterninfo\\\/#breadcrumb\",\"itemListElement\":[{\"@type\":\"ListItem\",\"position\":1,\"name\":\"Startseite\",\"item\":\"https:\\\/\\\/klitzeklein-dresden.de\\\/\"},{\"@type\":\"ListItem\",\"position\":2,\"name\":\"Elterninfo\"}]},{\"@type\":\"WebSite\",\"@id\":\"https:\\\/\\\/klitzeklein-dresden.de\\\/#website\",\"url\":\"https:\\\/\\\/klitzeklein-dresden.de\\\/\",\"name\":\"Klitzeklein Kindertagesbetreuung\",\"description\":\"Klitzeklein Dresden\",\"potentialAction\":[{\"@type\":\"SearchAction\",\"target\":{\"@type\":\"EntryPoint\",\"urlTemplate\":\"https:\\\/\\\/klitzeklein-dresden.de\\\/?s={search_term_string}\"},\"query-input\":{\"@type\":\"PropertyValueSpecification\",\"valueRequired\":true,\"valueName\":\"search_term_string\"}}],\"inLanguage\":\"de\"}]}<\/script>\n<!-- \/ Yoast SEO plugin. -->","yoast_head_json":{"title":"Elterninfo - Klitzeklein Kindertagesbetreuung","description":"Kindertagespflege Klitzeklein Elternbereich. Auf dieser Seite finden Sie alle wichtigen Informationen zu Ihren organisatorischen und inhaltlichen Fragen.","robots":{"index":"index","follow":"follow","max-snippet":"max-snippet:-1","max-image-preview":"max-image-preview:large","max-video-preview":"max-video-preview:-1"},"canonical":"https:\/\/klitzeklein-dresden.de\/index.php\/elterninfo\/","og_locale":"de_DE","og_type":"article","og_title":"Elterninfo - Klitzeklein Kindertagesbetreuung","og_description":"Kindertagespflege Klitzeklein Elternbereich. Auf dieser Seite finden Sie alle wichtigen Informationen zu Ihren organisatorischen und inhaltlichen Fragen.","og_url":"https:\/\/klitzeklein-dresden.de\/index.php\/elterninfo\/","og_site_name":"Klitzeklein Kindertagesbetreuung","article_modified_time":"2025-01-16T15:06:36+00:00","twitter_card":"summary_large_image","twitter_misc":{"Gesch\u00e4tzte Lesezeit":"5\u00a0Minuten"},"schema":{"@context":"https:\/\/schema.org","@graph":[{"@type":"WebPage","@id":"https:\/\/klitzeklein-dresden.de\/index.php\/elterninfo\/","url":"https:\/\/klitzeklein-dresden.de\/index.php\/elterninfo\/","name":"Elterninfo - Klitzeklein Kindertagesbetreuung","isPartOf":{"@id":"https:\/\/klitzeklein-dresden.de\/#website"},"datePublished":"2021-09-08T14:10:49+00:00","dateModified":"2025-01-16T15:06:36+00:00","description":"Kindertagespflege Klitzeklein Elternbereich. Auf dieser Seite finden Sie alle wichtigen Informationen zu Ihren organisatorischen und inhaltlichen Fragen.","breadcrumb":{"@id":"https:\/\/klitzeklein-dresden.de\/index.php\/elterninfo\/#breadcrumb"},"inLanguage":"de","potentialAction":[{"@type":"ReadAction","target":["https:\/\/klitzeklein-dresden.de\/index.php\/elterninfo\/"]}]},{"@type":"BreadcrumbList","@id":"https:\/\/klitzeklein-dresden.de\/index.php\/elterninfo\/#breadcrumb","itemListElement":[{"@type":"ListItem","position":1,"name":"Startseite","item":"https:\/\/klitzeklein-dresden.de\/"},{"@type":"ListItem","position":2,"name":"Elterninfo"}]},{"@type":"WebSite","@id":"https:\/\/klitzeklein-dresden.de\/#website","url":"https:\/\/klitzeklein-dresden.de\/","name":"Klitzeklein Kindertagesbetreuung","description":"Klitzeklein Dresden","potentialAction":[{"@type":"SearchAction","target":{"@type":"EntryPoint","urlTemplate":"https:\/\/klitzeklein-dresden.de\/?s={search_term_string}"},"query-input":{"@type":"PropertyValueSpecification","valueRequired":true,"valueName":"search_term_string"}}],"inLanguage":"de"}]}},"_links":{"self":[{"href":"https:\/\/klitzeklein-dresden.de\/index.php\/wp-json\/wp\/v2\/pages\/47","targetHints":{"allow":["GET"]}}],"collection":[{"href":"https:\/\/klitzeklein-dresden.de\/index.php\/wp-json\/wp\/v2\/pages"}],"about":[{"href":"https:\/\/klitzeklein-dresden.de\/index.php\/wp-json\/wp\/v2\/types\/page"}],"author":[{"embeddable":true,"href":"https:\/\/klitzeklein-dresden.de\/index.php\/wp-json\/wp\/v2\/users\/1"}],"replies":[{"embeddable":true,"href":"https:\/\/klitzeklein-dresden.de\/index.php\/wp-json\/wp\/v2\/comments?post=47"}],"version-history":[{"count":27,"href":"https:\/\/klitzeklein-dresden.de\/index.php\/wp-json\/wp\/v2\/pages\/47\/revisions"}],"predecessor-version":[{"id":475,"href":"https:\/\/klitzeklein-dresden.de\/index.php\/wp-json\/wp\/v2\/pages\/47\/revisions\/475"}],"wp:attachment":[{"href":"https:\/\/klitzeklein-dresden.de\/index.php\/wp-json\/wp\/v2\/media?parent=47"}],"curies":[{"name":"wp","href":"https:\/\/api.w.org\/{rel}","templated":true}]}}